{"id":363,"date":"2022-07-11T08:32:49","date_gmt":"2022-07-11T08:32:49","guid":{"rendered":"https:\/\/vallejoabogados.com\/?page_id=363"},"modified":"2022-12-19T17:35:20","modified_gmt":"2022-12-19T17:35:20","slug":"equipo","status":"publish","type":"page","link":"https:\/\/vallejoabogados.com\/index.php\/equipo\/","title":{"rendered":"Equipo"},"content":{"rendered":"\t\t<div data-elementor-type=\"wp-page\" data-elementor-id=\"363\" class=\"elementor elementor-363\">\n\t\t\t\t\t\t\t\t\t<section class=\"elementor-section elementor-top-section elementor-element elementor-element-7c14dca7 elementor-section-boxed elementor-section-height-default elementor-section-height-default\" data-id=\"7c14dca7\" data-element_type=\"section\" data-settings=\"{&quot;background_background&quot;:&quot;classic&quot;}\">\n\t\t\t\t\t\t\t<div class=\"elementor-background-overlay\"><\/div>\n\t\t\t\t\t\t\t<div class=\"elementor-container elementor-column-gap-default\">\n\t\t\t\t\t<div class=\"elementor-column elementor-col-100 elementor-top-column elementor-element elementor-element-383d97c7\" data-id=\"383d97c7\" data-element_type=\"column\" data-settings=\"{&quot;background_background&quot;:&quot;classic&quot;}\">\n\t\t\t<div class=\"elementor-widget-wrap elementor-element-populated\">\n\t\t\t\t\t\t\t\t<div class=\"elementor-element elementor-element-2413851c elementor-widget elementor-widget-heading\" data-id=\"2413851c\" data-element_type=\"widget\" data-widget_type=\"heading.default\">\n\t\t\t\t<div class=\"elementor-widget-container\">\n\t\t\t<style>\/*! elementor - v3.6.7 - 03-07-2022 *\/\n.elementor-heading-title{padding:0;margin:0;line-height:1}.elementor-widget-heading .elementor-heading-title[class*=elementor-size-]>a{color:inherit;font-size:inherit;line-height:inherit}.elementor-widget-heading .elementor-heading-title.elementor-size-small{font-size:15px}.elementor-widget-heading .elementor-heading-title.elementor-size-medium{font-size:19px}.elementor-widget-heading .elementor-heading-title.elementor-size-large{font-size:29px}.elementor-widget-heading .elementor-heading-title.elementor-size-xl{font-size:39px}.elementor-widget-heading .elementor-heading-title.elementor-size-xxl{font-size:59px}<\/style><h2 class=\"elementor-heading-title elementor-size-default\">Nuestro Equipo<\/h2>\t\t<\/div>\n\t\t\t\t<\/div>\n\t\t\t\t<div class=\"elementor-element elementor-element-19580cf8 elementor-icon-list--layout-inline elementor-align-center elementor-list-item-link-full_width elementor-widget elementor-widget-icon-list\" data-id=\"19580cf8\" data-element_type=\"widget\" data-widget_type=\"icon-list.default\">\n\t\t\t\t<div class=\"elementor-widget-container\">\n\t\t\t<link rel=\"stylesheet\" href=\"https:\/\/vallejoabogados.com\/wp-content\/plugins\/elementor\/assets\/css\/widget-icon-list.min.css\">\t\t<ul class=\"elementor-icon-list-items elementor-inline-items\">\n\t\t\t\t\t\t\t<li class=\"elementor-icon-list-item elementor-inline-item\">\n\t\t\t\t\t\t\t\t\t\t<span class=\"elementor-icon-list-text\">Inicio<\/span>\n\t\t\t\t\t\t\t\t\t<\/li>\n\t\t\t\t\t\t\t\t<li class=\"elementor-icon-list-item elementor-inline-item\">\n\t\t\t\t\t\t\t\t\t\t\t<span class=\"elementor-icon-list-icon\">\n\t\t\t\t\t\t\t<i aria-hidden=\"true\" class=\"fas fa-chevron-right\"><\/i>\t\t\t\t\t\t<\/span>\n\t\t\t\t\t\t\t\t\t\t<span class=\"elementor-icon-list-text\">Equipo<\/span>\n\t\t\t\t\t\t\t\t\t<\/li>\n\t\t\t\t\t\t<\/ul>\n\t\t\t\t<\/div>\n\t\t\t\t<\/div>\n\t\t\t\t\t<\/div>\n\t\t<\/div>\n\t\t\t\t\t\t\t<\/div>\n\t\t<\/section>\n\t\t\t\t<section class=\"elementor-section elementor-top-section elementor-element elementor-element-4eaa0b60 elementor-section-boxed elementor-section-height-default elementor-section-height-default\" data-id=\"4eaa0b60\" data-element_type=\"section\" data-settings=\"{&quot;background_background&quot;:&quot;classic&quot;}\">\n\t\t\t\t\t\t<div class=\"elementor-container elementor-column-gap-default\">\n\t\t\t\t\t<div class=\"elementor-column elementor-col-100 elementor-top-column elementor-element elementor-element-1d24f06b\" data-id=\"1d24f06b\" data-element_type=\"column\">\n\t\t\t<div class=\"elementor-widget-wrap elementor-element-populated\">\n\t\t\t\t\t\t\t\t<div class=\"elementor-element elementor-element-282cc28f elementor-widget elementor-widget-heading\" data-id=\"282cc28f\" data-element_type=\"widget\" data-widget_type=\"heading.default\">\n\t\t\t\t<div class=\"elementor-widget-container\">\n\t\t\t<h5 class=\"elementor-heading-title elementor-size-default\">Nuestro Equipo<\/h5>\t\t<\/div>\n\t\t\t\t<\/div>\n\t\t\t\t<div class=\"elementor-element elementor-element-2a39f172 elementor-widget elementor-widget-heading\" data-id=\"2a39f172\" data-element_type=\"widget\" data-widget_type=\"heading.default\">\n\t\t\t\t<div class=\"elementor-widget-container\">\n\t\t\t<h2 class=\"elementor-heading-title elementor-size-default\">Conoce nuestro equipo de Abogados<\/h2>\t\t<\/div>\n\t\t\t\t<\/div>\n\t\t\t\t<div class=\"elementor-element elementor-element-2f5ca5eb elementor-widget elementor-widget-text-editor\" data-id=\"2f5ca5eb\" data-element_type=\"widget\" data-widget_type=\"text-editor.default\">\n\t\t\t\t<div class=\"elementor-widget-container\">\n\t\t\t<style>\/*! elementor - v3.6.7 - 03-07-2022 *\/\n.elementor-widget-text-editor.elementor-drop-cap-view-stacked .elementor-drop-cap{background-color:#818a91;color:#fff}.elementor-widget-text-editor.elementor-drop-cap-view-framed .elementor-drop-cap{color:#818a91;border:3px solid;background-color:transparent}.elementor-widget-text-editor:not(.elementor-drop-cap-view-default) .elementor-drop-cap{margin-top:8px}.elementor-widget-text-editor:not(.elementor-drop-cap-view-default) .elementor-drop-cap-letter{width:1em;height:1em}.elementor-widget-text-editor .elementor-drop-cap{float:left;text-align:center;line-height:1;font-size:50px}.elementor-widget-text-editor .elementor-drop-cap-letter{display:inline-block}<\/style>\t\t\t\t<p class=\"p1\">En Vallejo Abogados somos un equipo con una gran variedad de experiencia en diferentes especialidades. A continuaci\u00f3n podr\u00e1 conocer mas sobre cada uno de nosotros.<\/p>\t\t\t\t\t\t<\/div>\n\t\t\t\t<\/div>\n\t\t\t\t<section class=\"elementor-section elementor-inner-section elementor-element elementor-element-b5ca30f elementor-section-height-min-height elementor-section-boxed elementor-section-height-default\" data-id=\"b5ca30f\" data-element_type=\"section\">\n\t\t\t\t\t\t<div class=\"elementor-container elementor-column-gap-no\">\n\t\t\t\t\t<div class=\"elementor-column elementor-col-50 elementor-inner-column elementor-element elementor-element-d602d77\" data-id=\"d602d77\" data-element_type=\"column\">\n\t\t\t<div class=\"elementor-widget-wrap elementor-element-populated\">\n\t\t\t\t\t\t\t\t<div class=\"elementor-element elementor-element-83202bc jkit-equal-height-enable elementor-widget elementor-widget-jkit_image_box\" data-id=\"83202bc\" data-element_type=\"widget\" data-widget_type=\"jkit_image_box.default\">\n\t\t\t\t<div class=\"elementor-widget-container\">\n\t\t\t<div  class=\"jeg-elementor-kit jkit-image-box style-default elementor-animation- jeg_module___6a96548aa1a3f\" ><div class=\"image-box-header elementor-animation-\"><img decoding=\"async\" src=\"https:\/\/vallejoabogados.com\/wp-content\/uploads\/2022\/07\/equipo_antonio_vallejo-150x150.jpeg\" ><\/div><div class=\"image-box-body\">\n            <div class=\"body-inner\"><h2 class=\"body-title icon-position-before\">Antonio Vallejo Remesal<\/h2>\n                <p class=\"body-description\"><p class=\"p1\"><span class=\"s1\">Antonio Vallejo tiene una dilatada experiencia en todo tipo de procedimientos judiciales civiles, tales como resoluci\u00f3n de contratos, desahucios, reclamaci\u00f3n de responsabilidad civil contractual y extracontractual, y reclamaci\u00f3n de deudas.<\/span><\/p><p class=\"p1\"><span class=\"s1\">Tambi\u00e9n asesora a clientes espa\u00f1oles y extranjeros en materias relacionadas con la adquisici\u00f3n de bienes inmuebles, constituci\u00f3n de sociedades, redacci\u00f3n o ejecuci\u00f3n de testamentos y liquidaci\u00f3n del Impuesto de Sucesiones.<\/span><\/p><p class=\"p1\"><span class=\"s1\">Actualmente ejerce como profesor del Master de la Abogac\u00eda que se imparte en Marbella dirigido por la Universidad de M\u00e1laga y el Colegio de Abogados de esta provincia, en materia de Responsabilidad Civil y Seguros.<\/span><\/p><p class=\"p1\"><span class=\"s1\">Habla ingl\u00e9s.<\/span><\/p><\/p>\n                <div class=\"body-button\"><\/div>\n                \n            <\/div>\n        <\/div><\/div>\t\t<\/div>\n\t\t\t\t<\/div>\n\t\t\t\t\t<\/div>\n\t\t<\/div>\n\t\t\t\t<div class=\"elementor-column elementor-col-50 elementor-inner-column elementor-element elementor-element-0dcbdeb\" data-id=\"0dcbdeb\" data-element_type=\"column\">\n\t\t\t<div class=\"elementor-widget-wrap elementor-element-populated\">\n\t\t\t\t\t\t\t\t<div class=\"elementor-element elementor-element-213f7d5 jkit-equal-height-enable elementor-widget elementor-widget-jkit_image_box\" data-id=\"213f7d5\" data-element_type=\"widget\" data-widget_type=\"jkit_image_box.default\">\n\t\t\t\t<div class=\"elementor-widget-container\">\n\t\t\t<div  class=\"jeg-elementor-kit jkit-image-box style-default elementor-animation- jeg_module__1_6a96548aa3c26\" ><div class=\"image-box-header elementor-animation-\"><img decoding=\"async\" src=\"https:\/\/vallejoabogados.com\/wp-content\/uploads\/2022\/12\/JAVIER_ORDONEZ.jpg\" ><\/div><div class=\"image-box-body\">\n            <div class=\"body-inner\"><h2 class=\"body-title icon-position-before\">Javier Ordo\u00f1ez Ramos<\/h2>\n                <p class=\"body-description\"><p class=\"p1\"><span class=\"s1\">Licenciado en Derecho y abogado en ejercicio, perteneciente al Ilustre Colegio de Abogados de M\u00e1laga desde 1996.<\/span><\/p><p class=\"p1\"><span class=\"s1\">Est\u00e1 especializado en procedimientos de desahucio, comunidades de propietarios, reclamaciones de cantidad derivadas de todo tipo de contrato, accidentes de tr\u00e1fico, derecho de familia, herencias, contratos de arrendamientos y compraventa, procedimientos hipotecarios, expedientes de dominio y recursos contencioso-administrativos.<\/span><\/p><p class=\"p1\"><span class=\"s1\">Tambi\u00e9n asesora a clientes espa\u00f1oles y extranjeros en materias relacionadas con la adquisici\u00f3n de bienes inmuebles, constituci\u00f3n de sociedades, redacci\u00f3n o ejecuci\u00f3n de testamentos y liquidaci\u00f3n del Impuesto de Sucesiones.<\/span><\/p><p class=\"p1\"><span class=\"s1\">Licenciado en Derecho y abogado en ejercicio, perteneciente al Ilustre Colegio de Abogados de M\u00e1laga desde 1996.<\/span><\/p><p class=\"p1\"><span class=\"s1\">Est\u00e1 especializado en procedimientos de desahucio, comunidades de propietarios, reclamaciones de cantidad derivadas de todo tipo de contrato, accidentes de tr\u00e1fico, derecho de familia, herencias, contratos de arrendamientos y compraventa, procedimientos hipotecarios, expedientes de dominio y recursos contencioso-administrativos.<\/span><\/p><p class=\"p1\"><span class=\"s1\">Habla ingl\u00e9s.<\/span><\/p><\/p>\n                <div class=\"body-button\"><\/div>\n                \n            <\/div>\n        <\/div><\/div>\t\t<\/div>\n\t\t\t\t<\/div>\n\t\t\t\t\t<\/div>\n\t\t<\/div>\n\t\t\t\t\t\t\t<\/div>\n\t\t<\/section>\n\t\t\t\t<section class=\"elementor-section elementor-inner-section elementor-element elementor-element-f99928c elementor-section-height-min-height elementor-section-boxed elementor-section-height-default\" data-id=\"f99928c\" data-element_type=\"section\">\n\t\t\t\t\t\t<div class=\"elementor-container elementor-column-gap-no\">\n\t\t\t\t\t<div class=\"elementor-column elementor-col-50 elementor-inner-column elementor-element elementor-element-6903c40\" data-id=\"6903c40\" data-element_type=\"column\">\n\t\t\t<div class=\"elementor-widget-wrap elementor-element-populated\">\n\t\t\t\t\t\t\t\t<div class=\"elementor-element elementor-element-322c594 jkit-equal-height-enable elementor-widget elementor-widget-jkit_image_box\" data-id=\"322c594\" data-element_type=\"widget\" data-widget_type=\"jkit_image_box.default\">\n\t\t\t\t<div class=\"elementor-widget-container\">\n\t\t\t<div  class=\"jeg-elementor-kit jkit-image-box style-default elementor-animation- jeg_module__2_6a96548aa6031\" ><div class=\"image-box-header elementor-animation-\"><img decoding=\"async\" src=\"https:\/\/vallejoabogados.com\/wp-content\/uploads\/2022\/12\/SARA.jpg\" ><\/div><div class=\"image-box-body\">\n            <div class=\"body-inner\"><h2 class=\"body-title icon-position-before\">SARA ZAMANILLO FERNANDEZ <\/h2>\n                <p class=\"body-description\"><ul><li style=\"font-weight: 400;\">Graduada en Derecho por la Universidad de M\u00e1laga.\u00a0<\/li><li>M\u00e1ster en Abogac\u00eda por la Universidad de M\u00e1laga y el Ilustre Colegio de Abogados de M\u00e1laga.<\/li><li>M\u00e1ster de Derecho de Familia por la Universidad Internacional de la Rioja.\u00a0<\/li><\/ul><p style=\"font-weight: 400;\">Abogada en ejercicio, especialista en Derecho de Familia y Hereditario as\u00ed como en Derecho Inmobiliario<\/p><\/p>\n                <div class=\"body-button\"><\/div>\n                \n            <\/div>\n        <\/div><\/div>\t\t<\/div>\n\t\t\t\t<\/div>\n\t\t\t\t\t<\/div>\n\t\t<\/div>\n\t\t\t\t<div class=\"elementor-column elementor-col-50 elementor-inner-column elementor-element elementor-element-67749a7\" data-id=\"67749a7\" data-element_type=\"column\">\n\t\t\t<div class=\"elementor-widget-wrap elementor-element-populated\">\n\t\t\t\t\t\t\t\t<div class=\"elementor-element elementor-element-85b14fa jkit-equal-height-enable elementor-widget elementor-widget-jkit_image_box\" data-id=\"85b14fa\" data-element_type=\"widget\" data-widget_type=\"jkit_image_box.default\">\n\t\t\t\t<div class=\"elementor-widget-container\">\n\t\t\t<div  class=\"jeg-elementor-kit jkit-image-box style-default elementor-animation- jeg_module__3_6a96548aa7dac\" ><div class=\"image-box-header elementor-animation-\"><img decoding=\"async\" src=\"https:\/\/vallejoabogados.com\/wp-content\/uploads\/2022\/12\/VERONICA_HAUSER.jpg\" ><\/div><div class=\"image-box-body\">\n            <div class=\"body-inner\"><h2 class=\"body-title icon-position-before\">VERONICA HUSER<\/h2>\n                <p class=\"body-description\"><ul><li style=\"font-weight: 400;\">Graduada en Derecho por la Universidad Nacional de Educaci\u00f3n a Distancia. Estudia el M\u00e1ster de Acceso a la Abogac\u00eda.<\/li><li style=\"font-weight: 400;\">Master en Legal Technology, en la Universidad Internacional de La Rioja.<\/li><li style=\"font-weight: 400;\">Asesora legal, especializada en Derecho Inmobiliario.\u00a0<\/li><\/ul><p style=\"font-weight: 400;\"><em>Habla noruego, ingl\u00e9s y espa\u00f1ol.\u201d<\/em><\/p><\/p>\n                <div class=\"body-button\"><\/div>\n                \n            <\/div>\n        <\/div><\/div>\t\t<\/div>\n\t\t\t\t<\/div>\n\t\t\t\t\t<\/div>\n\t\t<\/div>\n\t\t\t\t\t\t\t<\/div>\n\t\t<\/section>\n\t\t\t\t\t<\/div>\n\t\t<\/div>\n\t\t\t\t\t\t\t<\/div>\n\t\t<\/section>\n\t\t\t\t\t\t\t<\/div>\n\t\t","protected":false},"excerpt":{"rendered":"<p>Nuestro Equipo Inicio Equipo Nuestro Equipo Conoce nuestro equipo de Abogados En Vallejo Abogados somos un equipo con una gran variedad de experiencia en diferentes especialidades. A continuaci\u00f3n podr\u00e1 conocer mas sobre cada uno de nosotros. Antonio Vallejo Remesal Antonio Vallejo tiene una dilatada experiencia en todo tipo de procedimientos judiciales civiles, tales como resoluci\u00f3n [&hellip;]<\/p>\n","protected":false},"author":1,"featured_media":0,"parent":0,"menu_order":0,"comment_status":"closed","ping_status":"closed","template":"elementor_canvas","meta":{"footnotes":""},"class_list":["post-363","page","type-page","status-publish","hentry"],"_links":{"self":[{"href":"https:\/\/vallejoabogados.com\/index.php\/wp-json\/wp\/v2\/pages\/363","targetHints":{"allow":["GET"]}}],"collection":[{"href":"https:\/\/vallejoabogados.com\/index.php\/wp-json\/wp\/v2\/pages"}],"about":[{"href":"https:\/\/vallejoabogados.com\/index.php\/wp-json\/wp\/v2\/types\/page"}],"author":[{"embeddable":true,"href":"https:\/\/vallejoabogados.com\/index.php\/wp-json\/wp\/v2\/users\/1"}],"replies":[{"embeddable":true,"href":"https:\/\/vallejoabogados.com\/index.php\/wp-json\/wp\/v2\/comments?post=363"}],"version-history":[{"count":44,"href":"https:\/\/vallejoabogados.com\/index.php\/wp-json\/wp\/v2\/pages\/363\/revisions"}],"predecessor-version":[{"id":444,"href":"https:\/\/vallejoabogados.com\/index.php\/wp-json\/wp\/v2\/pages\/363\/revisions\/444"}],"wp:attachment":[{"href":"https:\/\/vallejoabogados.com\/index.php\/wp-json\/wp\/v2\/media?parent=363"}],"curies":[{"name":"wp","href":"https:\/\/api.w.org\/{rel}","templated":true}]}}